{"id":5457,"date":"2023-05-10T14:27:46","date_gmt":"2023-05-10T12:27:46","guid":{"rendered":"https:\/\/meozen.com\/fr\/?post_type=product&#038;p=5457"},"modified":"2023-06-17T02:45:07","modified_gmt":"2023-06-17T00:45:07","slug":"retraite-yoga-vinyasa-kundalini-meditation-7-jours-6-nuits-cevennes-juillet-2023","status":"publish","type":"product","link":"https:\/\/meozen.com\/fr\/produit\/retraite-yoga-vinyasa-kundalini-meditation-7-jours-6-nuits-cevennes-juillet-2023\/","title":{"rendered":"Retraite Yoga Vinyasa, Kundalini &#038; M\u00e9ditation &#8211; 7 jours \/ 6 nuits dans les C\u00e9vennes (Juillet 2023)"},"content":{"rendered":"<ul>\n<li style=\"font-weight: 400;\"><span style=\"font-weight: 400;\">Programme adapt\u00e9 \u00e0 tous les niveaux<\/span><\/li>\n<li style=\"font-weight: 400;\"><span style=\"font-weight: 400;\"><span style=\"font-weight: 400;\">Inclus le petit d\u00e9jeuner, repas du midi et du soir (v\u00e9g\u00e9tarien, <\/span><\/span><span style=\"font-weight: 400;\">ingr\u00e9dients bio et locaux)<\/span><\/li>\n<li style=\"font-weight: 400;\"><span style=\"font-weight: 400;\">Chambres partag\u00e9es (draps et serviettes fournis)\u00a0<\/span><\/li>\n<\/ul>\n<p>\u00a0<\/p>\n<p><b>Programme d\u00e9taill\u00e9<\/b><\/p>\n<ul>\n<li>Deux pratiques de yoga par jour : Vinyasa Yoga, Hatha Yoga, Yoga Restauratif<\/li>\n<li>Deux s\u00e9ances de m\u00e9ditation (issues de la tradition de Kundalini Yoga) et de Pranayama par jour<\/li>\n<li>De profondes relaxations avec des Bains de Gong et du Yoga Nidra<\/li>\n<li>De la philosophie, pour comprendre les pr\u00e9ceptes cl\u00e9s du yoga<\/li>\n<li>Des moments de d\u00e9tente, pour profiter du cadre unique offert par le gite : les vall\u00e9es verdoyantes, la rivi\u00e8re<\/li>\n<li>Une randonn\u00e9e d\u2019une demi-journ\u00e9e sera \u00e9galement propos\u00e9e au cours de la semaine<\/li>\n<\/ul>\n<p><strong>Journ\u00e9e type<\/strong><\/p>\n<ul>\n<li>05:30-07:00 : M\u00e9ditation avec Bernardo (optionnelle)<\/li>\n<li>\u00c0 partir de 07:00 : Yogi Th\u00e9 et fruits<\/li>\n<li>08:00-09:30 : Yoga dynamique (vinyasa ou hatha) et pranayama avec Fr\u00e9d\u00e9rique<\/li>\n<li>09:30-10:30 : Petit-d\u00e9jeuner<\/li>\n<li>10:30-11:30 : Temps libre<\/li>\n<li>11:30-13:00 : Th\u00e9orie\/Philosophie du Yoga et M\u00e9ditation avec Fr\u00e9d\u00e9rique et Bernardo (ou temps libre selon les jours)<\/li>\n<li>13:00-14:00 : D\u00e9jeuner<\/li>\n<li>14:00-17:00 : Temps libre (soin, massage, repos)<\/li>\n<li>17:00-18:30 : Yoga Restauratif (Yoga doux) et yoga nidra<\/li>\n<li>19:00-20:00 : D\u00eener<\/li>\n<li>20:00-20:30 : Bain de gong<\/li>\n<\/ul>\n<ul>\n<li style=\"list-style-type: none;\"><\/li>\n<\/ul>\n","protected":false},"excerpt":{"rendered":"<p><strong style=\"font-size: 22px;\">Une retraite de Yoga Vinyasa, Kundalini &amp; m\u00e9ditation <strong>\ud83d\udccd <\/strong>dans les C\u00e9vennes.<\/strong><\/p>\n<p>Avec cette retraite, Bernardo et Fr\u00e9d\u00e9rique (Professeurs de Yoga et de m\u00e9ditation) vous accueillent et vous proposent un moment rien que pour vous dans les C\u00e9vennes.<\/p>\n<p class=\"p1\">\u2728 Un programme rythm\u00e9 avec des pratiques yogiques qui vous rempliront d\u2019\u00e9nergie comme des sessions de m\u00e9ditation et pranayamas.<\/p>\n<p class=\"p1\">\ud83c\udfe0 Le g\u00eete est id\u00e9alement situ\u00e9 dans une vall\u00e9e tr\u00e8s calme dans le Sud des C\u00e9vennes, au milieu des ch\u00e2taigniers et des ch\u00eanes verts.<\/p>\n<p class=\"p1\">Profitez des beaux jours, dans le cadre somptueux et chaleureux du g\u00eete Lascoutch. Un endroit propice \u00e0 la contemplation et \u00e0 la relaxation. Sans oublier, la pr\u00e9sence d&rsquo;une belle rivi\u00e8re, avec ses pierres blanches et sa cascade o\u00f9 des chemins de randonn\u00e9e sillonnent les vall\u00e9es alentour.<\/p>\n<p><strong>S\u00e9jour disponible tout au long des mois de mai et juin 2023, dates de r\u00e9servation flexibles<\/strong><\/p>\n<p><strong> S\u00e9jour \u00e0 partir de 915 euros\u00a0<\/strong><\/p>\n","protected":false},"featured_media":5515,"comment_status":"open","ping_status":"closed","template":"","meta":{"_mo_disable_npp":""},"product_brand":[],"product_cat":[27,120,106,43],"product_tag":[],"class_list":{"0":"post-5457","1":"product","2":"type-product","3":"status-publish","4":"has-post-thumbnail","6":"product_cat-retraite-7-jours","7":"product_cat-retraite-yoga","8":"product_cat-retraite-de-yoga-cevennes","9":"product_cat-retraite-yoga-france","11":"first","12":"instock","13":"taxable","14":"shipping-taxable","15":"product-type-external"},"yoast_head":"<!-- This site is optimized with the Yoast SEO plugin v26.8 - https:\/\/yoast.com\/product\/yoast-seo-wordpress\/ -->\n<title>Retraite Yoga Vinyasa, Kundalini &amp; M\u00e9ditation - 7 jours \/ 6 nuits dans les C\u00e9vennes (Juillet 2023) - Meozen - Votre portail bien-\u00eatre<\/title>\n<meta name=\"description\" content=\"R\u00e9servez d\u00e8s maintenant votre Retraite Yoga Vinyasa, Kundalini &amp; M\u00e9ditation - 7 jours \/ 6 nuits dans les C\u00e9vennes (Juillet 2023) avec Meozen. \u00c9vadez-vous du quotidien avec ce s\u00e9jour unique. Dur\u00e9e, conditions, prix... Cliquez pour d\u00e9couvrir !\" \/>\n<meta name=\"robots\" content=\"index, follow, max-snippet:-1, max-image-preview:large, max-video-preview:-1\" \/>\n<link rel=\"canonical\" href=\"https:\/\/meozen.com\/fr\/produit\/retraite-yoga-vinyasa-kundalini-meditation-7-jours-6-nuits-cevennes-juillet-2023\/\" \/>\n<meta property=\"og:locale\" content=\"fr_FR\" \/>\n<meta property=\"og:type\" content=\"article\" \/>\n<meta property=\"og:title\" content=\"Retraite Yoga Vinyasa, Kundalini &amp; M\u00e9ditation - 7 jours \/ 6 nuits dans les C\u00e9vennes (Juillet 2023) - Meozen - Votre portail bien-\u00eatre\" \/>\n<meta property=\"og:description\" content=\"R\u00e9servez d\u00e8s maintenant votre Retraite Yoga Vinyasa, Kundalini &amp; M\u00e9ditation - 7 jours \/ 6 nuits dans les C\u00e9vennes (Juillet 2023) avec Meozen. \u00c9vadez-vous du quotidien avec ce s\u00e9jour unique. Dur\u00e9e, conditions, prix... Cliquez pour d\u00e9couvrir !\" \/>\n<meta property=\"og:url\" content=\"https:\/\/meozen.com\/fr\/produit\/retraite-yoga-vinyasa-kundalini-meditation-7-jours-6-nuits-cevennes-juillet-2023\/\" \/>\n<meta property=\"og:site_name\" content=\"Meozen - Votre portail bien-\u00eatre\" \/>\n<meta property=\"article:publisher\" content=\"https:\/\/www.facebook.com\/MeozenFr\/\" \/>\n<meta property=\"article:modified_time\" content=\"2023-06-17T00:45:07+00:00\" \/>\n<meta property=\"og:image\" content=\"https:\/\/meozen.com\/fr\/wp-content\/uploads\/sites\/2\/2023\/05\/retraite-yoga-kundalini-meditation-cevennes-1.jpeg\" \/>\n\t<meta property=\"og:image:width\" content=\"653\" \/>\n\t<meta property=\"og:image:height\" content=\"490\" \/>\n\t<meta property=\"og:image:type\" content=\"image\/jpeg\" \/>\n<meta name=\"twitter:card\" content=\"summary_large_image\" \/>\n<meta name=\"twitter:label1\" content=\"Dur\u00e9e de lecture estim\u00e9e\" \/>\n\t<meta name=\"twitter:data1\" content=\"1 minute\" \/>\n<script type=\"application\/ld+json\" class=\"yoast-schema-graph\">{\"@context\":\"https:\/\/schema.org\",\"@graph\":[{\"@type\":\"WebPage\",\"@id\":\"https:\/\/meozen.com\/fr\/produit\/retraite-yoga-vinyasa-kundalini-meditation-7-jours-6-nuits-cevennes-juillet-2023\/\",\"url\":\"https:\/\/meozen.com\/fr\/produit\/retraite-yoga-vinyasa-kundalini-meditation-7-jours-6-nuits-cevennes-juillet-2023\/\",\"name\":\"Retraite Yoga Vinyasa, Kundalini & M\u00e9ditation - 7 jours \/ 6 nuits dans les C\u00e9vennes (Juillet 2023) - Meozen - Votre portail bien-\u00eatre\",\"isPartOf\":{\"@id\":\"https:\/\/meozen.com\/fr\/#website\"},\"primaryImageOfPage\":{\"@id\":\"https:\/\/meozen.com\/fr\/produit\/retraite-yoga-vinyasa-kundalini-meditation-7-jours-6-nuits-cevennes-juillet-2023\/#primaryimage\"},\"image\":{\"@id\":\"https:\/\/meozen.com\/fr\/produit\/retraite-yoga-vinyasa-kundalini-meditation-7-jours-6-nuits-cevennes-juillet-2023\/#primaryimage\"},\"thumbnailUrl\":\"https:\/\/meozen.com\/fr\/wp-content\/uploads\/sites\/2\/2023\/05\/retraite-yoga-kundalini-meditation-cevennes-1.jpeg\",\"datePublished\":\"2023-05-10T12:27:46+00:00\",\"dateModified\":\"2023-06-17T00:45:07+00:00\",\"description\":\"R\u00e9servez d\u00e8s maintenant votre Retraite Yoga Vinyasa, Kundalini & M\u00e9ditation - 7 jours \/ 6 nuits dans les C\u00e9vennes (Juillet 2023) avec Meozen. \u00c9vadez-vous du quotidien avec ce s\u00e9jour unique. Dur\u00e9e, conditions, prix... Cliquez pour d\u00e9couvrir !\",\"breadcrumb\":{\"@id\":\"https:\/\/meozen.com\/fr\/produit\/retraite-yoga-vinyasa-kundalini-meditation-7-jours-6-nuits-cevennes-juillet-2023\/#breadcrumb\"},\"inLanguage\":\"fr-FR\",\"potentialAction\":[{\"@type\":\"ReadAction\",\"target\":[\"https:\/\/meozen.com\/fr\/produit\/retraite-yoga-vinyasa-kundalini-meditation-7-jours-6-nuits-cevennes-juillet-2023\/\"]}]},{\"@type\":\"ImageObject\",\"inLanguage\":\"fr-FR\",\"@id\":\"https:\/\/meozen.com\/fr\/produit\/retraite-yoga-vinyasa-kundalini-meditation-7-jours-6-nuits-cevennes-juillet-2023\/#primaryimage\",\"url\":\"https:\/\/meozen.com\/fr\/wp-content\/uploads\/sites\/2\/2023\/05\/retraite-yoga-kundalini-meditation-cevennes-1.jpeg\",\"contentUrl\":\"https:\/\/meozen.com\/fr\/wp-content\/uploads\/sites\/2\/2023\/05\/retraite-yoga-kundalini-meditation-cevennes-1.jpeg\",\"width\":653,\"height\":490},{\"@type\":\"BreadcrumbList\",\"@id\":\"https:\/\/meozen.com\/fr\/produit\/retraite-yoga-vinyasa-kundalini-meditation-7-jours-6-nuits-cevennes-juillet-2023\/#breadcrumb\",\"itemListElement\":[{\"@type\":\"ListItem\",\"position\":1,\"name\":\"Accueil\",\"item\":\"https:\/\/meozen.com\/fr\/\"},{\"@type\":\"ListItem\",\"position\":2,\"name\":\"Boutique\",\"item\":\"https:\/\/meozen.com\/fr\/boutique\/\"},{\"@type\":\"ListItem\",\"position\":3,\"name\":\"Retraite Yoga Vinyasa, Kundalini &#038; M\u00e9ditation &#8211; 7 jours \/ 6 nuits dans les C\u00e9vennes (Juillet 2023)\"}]},{\"@type\":\"WebSite\",\"@id\":\"https:\/\/meozen.com\/fr\/#website\",\"url\":\"https:\/\/meozen.com\/fr\/\",\"name\":\"Meozen - Votre portail bien-\u00eatre\",\"description\":\"D\u00e9couvrez tout l&#039;univers du bien-\u00eatre, yoga, m\u00e9ditation, trouvez les meilleures retraites et formations bien-\u00eatre\",\"publisher\":{\"@id\":\"https:\/\/meozen.com\/fr\/#organization\"},\"potentialAction\":[{\"@type\":\"SearchAction\",\"target\":{\"@type\":\"EntryPoint\",\"urlTemplate\":\"https:\/\/meozen.com\/fr\/?s={search_term_string}\"},\"query-input\":{\"@type\":\"PropertyValueSpecification\",\"valueRequired\":true,\"valueName\":\"search_term_string\"}}],\"inLanguage\":\"fr-FR\"},{\"@type\":\"Organization\",\"@id\":\"https:\/\/meozen.com\/fr\/#organization\",\"name\":\"Meozen\",\"url\":\"https:\/\/meozen.com\/fr\/\",\"logo\":{\"@type\":\"ImageObject\",\"inLanguage\":\"fr-FR\",\"@id\":\"https:\/\/meozen.com\/fr\/#\/schema\/logo\/image\/\",\"url\":\"https:\/\/meozen.com\/fr\/wp-content\/uploads\/sites\/2\/2021\/06\/logo-meozen-push.jpg\",\"contentUrl\":\"https:\/\/meozen.com\/fr\/wp-content\/uploads\/sites\/2\/2021\/06\/logo-meozen-push.jpg\",\"width\":384,\"height\":384,\"caption\":\"Meozen\"},\"image\":{\"@id\":\"https:\/\/meozen.com\/fr\/#\/schema\/logo\/image\/\"},\"sameAs\":[\"https:\/\/www.facebook.com\/MeozenFr\/\",\"https:\/\/www.pinterest.fr\/meozen_officiel\/\",\"https:\/\/www.instagram.com\/meozen_officiel\/\"]}]}<\/script>\n<!-- \/ Yoast SEO plugin. -->","yoast_head_json":{"title":"Retraite Yoga Vinyasa, Kundalini & M\u00e9ditation - 7 jours \/ 6 nuits dans les C\u00e9vennes (Juillet 2023) - Meozen - Votre portail bien-\u00eatre","description":"R\u00e9servez d\u00e8s maintenant votre Retraite Yoga Vinyasa, Kundalini & M\u00e9ditation - 7 jours \/ 6 nuits dans les C\u00e9vennes (Juillet 2023) avec Meozen. \u00c9vadez-vous du quotidien avec ce s\u00e9jour unique. Dur\u00e9e, conditions, prix... Cliquez pour d\u00e9couvrir !","robots":{"index":"index","follow":"follow","max-snippet":"max-snippet:-1","max-image-preview":"max-image-preview:large","max-video-preview":"max-video-preview:-1"},"canonical":"https:\/\/meozen.com\/fr\/produit\/retraite-yoga-vinyasa-kundalini-meditation-7-jours-6-nuits-cevennes-juillet-2023\/","og_locale":"fr_FR","og_type":"article","og_title":"Retraite Yoga Vinyasa, Kundalini & M\u00e9ditation - 7 jours \/ 6 nuits dans les C\u00e9vennes (Juillet 2023) - Meozen - Votre portail bien-\u00eatre","og_description":"R\u00e9servez d\u00e8s maintenant votre Retraite Yoga Vinyasa, Kundalini & M\u00e9ditation - 7 jours \/ 6 nuits dans les C\u00e9vennes (Juillet 2023) avec Meozen. \u00c9vadez-vous du quotidien avec ce s\u00e9jour unique. Dur\u00e9e, conditions, prix... Cliquez pour d\u00e9couvrir !","og_url":"https:\/\/meozen.com\/fr\/produit\/retraite-yoga-vinyasa-kundalini-meditation-7-jours-6-nuits-cevennes-juillet-2023\/","og_site_name":"Meozen - Votre portail bien-\u00eatre","article_publisher":"https:\/\/www.facebook.com\/MeozenFr\/","article_modified_time":"2023-06-17T00:45:07+00:00","og_image":[{"width":653,"height":490,"url":"https:\/\/meozen.com\/fr\/wp-content\/uploads\/sites\/2\/2023\/05\/retraite-yoga-kundalini-meditation-cevennes-1.jpeg","type":"image\/jpeg"}],"twitter_card":"summary_large_image","twitter_misc":{"Dur\u00e9e de lecture estim\u00e9e":"1 minute"},"schema":{"@context":"https:\/\/schema.org","@graph":[{"@type":"WebPage","@id":"https:\/\/meozen.com\/fr\/produit\/retraite-yoga-vinyasa-kundalini-meditation-7-jours-6-nuits-cevennes-juillet-2023\/","url":"https:\/\/meozen.com\/fr\/produit\/retraite-yoga-vinyasa-kundalini-meditation-7-jours-6-nuits-cevennes-juillet-2023\/","name":"Retraite Yoga Vinyasa, Kundalini & M\u00e9ditation - 7 jours \/ 6 nuits dans les C\u00e9vennes (Juillet 2023) - Meozen - Votre portail bien-\u00eatre","isPartOf":{"@id":"https:\/\/meozen.com\/fr\/#website"},"primaryImageOfPage":{"@id":"https:\/\/meozen.com\/fr\/produit\/retraite-yoga-vinyasa-kundalini-meditation-7-jours-6-nuits-cevennes-juillet-2023\/#primaryimage"},"image":{"@id":"https:\/\/meozen.com\/fr\/produit\/retraite-yoga-vinyasa-kundalini-meditation-7-jours-6-nuits-cevennes-juillet-2023\/#primaryimage"},"thumbnailUrl":"https:\/\/meozen.com\/fr\/wp-content\/uploads\/sites\/2\/2023\/05\/retraite-yoga-kundalini-meditation-cevennes-1.jpeg","datePublished":"2023-05-10T12:27:46+00:00","dateModified":"2023-06-17T00:45:07+00:00","description":"R\u00e9servez d\u00e8s maintenant votre Retraite Yoga Vinyasa, Kundalini & M\u00e9ditation - 7 jours \/ 6 nuits dans les C\u00e9vennes (Juillet 2023) avec Meozen. \u00c9vadez-vous du quotidien avec ce s\u00e9jour unique. Dur\u00e9e, conditions, prix... Cliquez pour d\u00e9couvrir !","breadcrumb":{"@id":"https:\/\/meozen.com\/fr\/produit\/retraite-yoga-vinyasa-kundalini-meditation-7-jours-6-nuits-cevennes-juillet-2023\/#breadcrumb"},"inLanguage":"fr-FR","potentialAction":[{"@type":"ReadAction","target":["https:\/\/meozen.com\/fr\/produit\/retraite-yoga-vinyasa-kundalini-meditation-7-jours-6-nuits-cevennes-juillet-2023\/"]}]},{"@type":"ImageObject","inLanguage":"fr-FR","@id":"https:\/\/meozen.com\/fr\/produit\/retraite-yoga-vinyasa-kundalini-meditation-7-jours-6-nuits-cevennes-juillet-2023\/#primaryimage","url":"https:\/\/meozen.com\/fr\/wp-content\/uploads\/sites\/2\/2023\/05\/retraite-yoga-kundalini-meditation-cevennes-1.jpeg","contentUrl":"https:\/\/meozen.com\/fr\/wp-content\/uploads\/sites\/2\/2023\/05\/retraite-yoga-kundalini-meditation-cevennes-1.jpeg","width":653,"height":490},{"@type":"BreadcrumbList","@id":"https:\/\/meozen.com\/fr\/produit\/retraite-yoga-vinyasa-kundalini-meditation-7-jours-6-nuits-cevennes-juillet-2023\/#breadcrumb","itemListElement":[{"@type":"ListItem","position":1,"name":"Accueil","item":"https:\/\/meozen.com\/fr\/"},{"@type":"ListItem","position":2,"name":"Boutique","item":"https:\/\/meozen.com\/fr\/boutique\/"},{"@type":"ListItem","position":3,"name":"Retraite Yoga Vinyasa, Kundalini &#038; M\u00e9ditation &#8211; 7 jours \/ 6 nuits dans les C\u00e9vennes (Juillet 2023)"}]},{"@type":"WebSite","@id":"https:\/\/meozen.com\/fr\/#website","url":"https:\/\/meozen.com\/fr\/","name":"Meozen - Votre portail bien-\u00eatre","description":"D\u00e9couvrez tout l&#039;univers du bien-\u00eatre, yoga, m\u00e9ditation, trouvez les meilleures retraites et formations bien-\u00eatre","publisher":{"@id":"https:\/\/meozen.com\/fr\/#organization"},"potentialAction":[{"@type":"SearchAction","target":{"@type":"EntryPoint","urlTemplate":"https:\/\/meozen.com\/fr\/?s={search_term_string}"},"query-input":{"@type":"PropertyValueSpecification","valueRequired":true,"valueName":"search_term_string"}}],"inLanguage":"fr-FR"},{"@type":"Organization","@id":"https:\/\/meozen.com\/fr\/#organization","name":"Meozen","url":"https:\/\/meozen.com\/fr\/","logo":{"@type":"ImageObject","inLanguage":"fr-FR","@id":"https:\/\/meozen.com\/fr\/#\/schema\/logo\/image\/","url":"https:\/\/meozen.com\/fr\/wp-content\/uploads\/sites\/2\/2021\/06\/logo-meozen-push.jpg","contentUrl":"https:\/\/meozen.com\/fr\/wp-content\/uploads\/sites\/2\/2021\/06\/logo-meozen-push.jpg","width":384,"height":384,"caption":"Meozen"},"image":{"@id":"https:\/\/meozen.com\/fr\/#\/schema\/logo\/image\/"},"sameAs":["https:\/\/www.facebook.com\/MeozenFr\/","https:\/\/www.pinterest.fr\/meozen_officiel\/","https:\/\/www.instagram.com\/meozen_officiel\/"]}]}},"_links":{"self":[{"href":"https:\/\/meozen.com\/fr\/wp-json\/wp\/v2\/product\/5457","targetHints":{"allow":["GET"]}}],"collection":[{"href":"https:\/\/meozen.com\/fr\/wp-json\/wp\/v2\/product"}],"about":[{"href":"https:\/\/meozen.com\/fr\/wp-json\/wp\/v2\/types\/product"}],"replies":[{"embeddable":true,"href":"https:\/\/meozen.com\/fr\/wp-json\/wp\/v2\/comments?post=5457"}],"wp:featuredmedia":[{"embeddable":true,"href":"https:\/\/meozen.com\/fr\/wp-json\/wp\/v2\/media\/5515"}],"wp:attachment":[{"href":"https:\/\/meozen.com\/fr\/wp-json\/wp\/v2\/media?parent=5457"}],"wp:term":[{"taxonomy":"product_brand","embeddable":true,"href":"https:\/\/meozen.com\/fr\/wp-json\/wp\/v2\/product_brand?post=5457"},{"taxonomy":"product_cat","embeddable":true,"href":"https:\/\/meozen.com\/fr\/wp-json\/wp\/v2\/product_cat?post=5457"},{"taxonomy":"product_tag","embeddable":true,"href":"https:\/\/meozen.com\/fr\/wp-json\/wp\/v2\/product_tag?post=5457"}],"curies":[{"name":"wp","href":"https:\/\/api.w.org\/{rel}","templated":true}]}}