{"id":5665,"date":"2023-06-01T16:19:20","date_gmt":"2023-06-01T14:19:20","guid":{"rendered":"https:\/\/meozen.com\/fr\/?post_type=product&#038;p=5665"},"modified":"2023-06-17T02:43:28","modified_gmt":"2023-06-17T00:43:28","slug":"retraite-silencieuse-yoga-kundalini-7-jours-6-nuits-mont-canigou-pyrenees-juillet-2023","status":"publish","type":"product","link":"https:\/\/meozen.com\/fr\/produit\/retraite-silencieuse-yoga-kundalini-7-jours-6-nuits-mont-canigou-pyrenees-juillet-2023\/","title":{"rendered":"Retraite silencieuse &#038; Yoga Kundalini  &#8211; 7 jours \/ 6 nuits au pied du Mont Canigou dans les Pyr\u00e9n\u00e9es (Du 8 au 14 juillet 2023)"},"content":{"rendered":"<ul>\n<li style=\"font-weight: 400;\"><span style=\"font-weight: 400;\">Programme adapt\u00e9 \u00e0 tous les niveaux<\/span><\/li>\n<li style=\"font-weight: 400;\"><span style=\"font-weight: 400;\">Inclus petits-d\u00e9jeuners\/brunchs et d\u00eeners avec des repas faits maison (cuisine v\u00e9g\u00e9tarienne et biologique)\u00a0<\/span><\/li>\n<li>Arriv\u00e9e et installation le samedi \u00e0 15:00<\/li>\n<\/ul>\n<p>Le stage se d\u00e9roule selon les enseignements de Yogi Bhajan.<\/p>\n<p><strong><b>\ud83d\uddd3\ufe0f <\/b>Au programme :\u00a0<\/strong><br \/>\n\u2013 Kriyas (s\u00e9ries d\u2019exercices physiques)<br \/>\n\u2013 M\u00e9ditation<br \/>\n\u2013 Sadhana (matin)<br \/>\n\u2013 Enseignements th\u00e9oriques<br \/>\n\u2013 Vipassana<br \/>\n\u2013 Satsang<br \/>\n\u2013 Exercices de mise en situation<br \/>\n\u2013 Et des surprises \ud83c\udf89<\/p>\n<p>Le Kundalini Yoga est une exp\u00e9rience qui doit passer par votre corps, afin qu\u2019elle soit transformatrice. Lorsque vous entrez dans cet espace, votre esprit s\u2019ouvre \u00e0 recevoir ce qui doit \u00eatre v\u00e9cu pour vous, ce qui est juste pour vous, ici et maintenant.<\/p>\n","protected":false},"excerpt":{"rendered":"<p><strong style=\"font-size: 22px;\">Une Retraite silencieuse &amp; de Yoga Kundalini <strong>\ud83d\udccd<\/strong>au pied du Mont Canigou.\u00a0<\/strong><\/p>\n<p>\u00c9lodie et Brice, tous deux professeurs de Yoga, vous accueillent et vous proposent un moment de silence au grand air et au coeur des Pyr\u00e9n\u00e9es. \u26f0\ufe0f<\/p>\n<p class=\"p1\">\u2728 Au programme ? Une semaine pour vous donner du temps et de l&rsquo;espace, un moment \u00a0de calme et d&rsquo;harmonie, uniquement consacr\u00e9 \u00e0 vous-m\u00eame.<\/p>\n<p class=\"p1\">\ud83c\udfd8\ufe0f\u00a0 Vous serez h\u00e9berg\u00e9 dans un cadre naturel \u00e0 quelques kilom\u00e8tres de Prades dans les Pyr\u00e9n\u00e9es-Orientales. Deux options s&rsquo;offrent \u00e0 vous :<\/p>\n<ul>\n<li>En tente pour 5 euros la nuit (30 euros au total ; <em>si tente merci de le pr\u00e9ciser dans le formulaire de r\u00e9servation<\/em>)<\/li>\n<li>Chambre partag\u00e9e pour 12 euros la nuit (72 euros au total)<\/li>\n<\/ul>\n<p class=\"p1\">Profitez de ce s\u00e9jour, pour vivre une exp\u00e9rience unique pour vous retrouver dans un cadre calme et magnifique en pleine nature. L&rsquo;endroit id\u00e9al pour renouer le contact avec votre \u00e2me en paix et ainsi initier un nouveau d\u00e9part !<\/p>\n<p>&nbsp;<\/p>\n<p><strong>\ud83d\udcc5 Date du s\u00e9jour :<\/strong>\u00a0 Du samedi 8 juillet au vendredi 14 juillet 2023<\/p>\n<p>&nbsp;<\/p>\n<p><strong>\ud83d\udfe1 Tarif du s\u00e9jour : <\/strong>549 euros<\/p>\n<p>\ud83d\udca1<em> Pour r\u00e9server, un acompte correspondant \u00e0 15% du prix total est requis. Celui-ci est non-remboursable si vous annulez votre r\u00e9servation. Le reste du paiement d\u00fb (85%) se fera directement aupr\u00e8s de l&rsquo;organisateur \u00e0 votre arriv\u00e9e.<\/em><\/p>\n<p>&nbsp;<\/p>\n<p class=\"p1\"><strong>Comment r\u00e9server mon s\u00e9jour sur Meozen ?<\/strong><\/p>\n<p>1\ufe0f\u20e3 Je fais ma demande de r\u00e9servation sur le formulaire en cliquant sur le bouton \u00ab R\u00e9server d\u00e8s maintenant \u00bb<\/p>\n<p>2\ufe0f\u20e3 Meozen prend contact avec l\u2019organisateur du s\u00e9jour et v\u00e9rifie le nombre de places disponibles<\/p>\n<p>3\ufe0f\u20e3 Meozen revient vers vous pour vous donner une r\u00e9ponse. Si celle-ci est favorable, un lien de paiement correspondant \u00e0 un acompte de 15% vous sera envoy\u00e9 pour r\u00e9server votre place.<\/p>\n<p>4\ufe0f\u20e3 Une fois le paiement de 15% r\u00e9alis\u00e9 aupr\u00e8s de Meozen, vous serez redirig\u00e9 vers l\u2019organisateur du s\u00e9jour et nous vous communiquerons l\u2019ensemble de ses coordonn\u00e9es. L\u2019organisateur sera ensuite votre interlocuteur principal pour finaliser l\u2019organisation de votre voyage et poser vos questions.<\/p>\n<p>5\ufe0f\u20e3 Vous r\u00e9glez la somme restante due (85%) directement aupr\u00e8s de l&rsquo;organisateur selon ses modalit\u00e9s (avant votre arriv\u00e9e ou \u00e0 votre arriv\u00e9e).<\/p>\n","protected":false},"featured_media":5666,"comment_status":"open","ping_status":"closed","template":"","meta":{"_mo_disable_npp":""},"product_brand":[],"product_cat":[27,120,43,111],"product_tag":[],"class_list":{"0":"post-5665","1":"product","2":"type-product","3":"status-publish","4":"has-post-thumbnail","6":"product_cat-retraite-7-jours","7":"product_cat-retraite-yoga","8":"product_cat-retraite-yoga-france","9":"product_cat-retraite-yoga-pyrenees","11":"first","12":"instock","13":"taxable","14":"shipping-taxable","15":"product-type-external"},"yoast_head":"<!-- This site is optimized with the Yoast SEO plugin v26.8 - https:\/\/yoast.com\/product\/yoast-seo-wordpress\/ -->\n<title>Retraite silencieuse &amp; Yoga Kundalini - 7 jours \/ 6 nuits au pied du Mont Canigou dans les Pyr\u00e9n\u00e9es (Du 8 au 14 juillet 2023) - Meozen - Votre portail bien-\u00eatre<\/title>\n<meta name=\"description\" content=\"R\u00e9servez d\u00e8s maintenant votre Retraite silencieuse &amp; Yoga Kundalini - 7 jours \/ 6 nuits au pied du Mont Canigou dans les Pyr\u00e9n\u00e9es (Du 8 au 14 juillet 2023) avec Meozen. \u00c9vadez-vous du quotidien avec ce s\u00e9jour unique. Dur\u00e9e, conditions, prix... Cliquez pour d\u00e9couvrir !\" \/>\n<meta name=\"robots\" content=\"index, follow, max-snippet:-1, max-image-preview:large, max-video-preview:-1\" \/>\n<link rel=\"canonical\" href=\"https:\/\/meozen.com\/fr\/produit\/retraite-silencieuse-yoga-kundalini-7-jours-6-nuits-mont-canigou-pyrenees-juillet-2023\/\" \/>\n<meta property=\"og:locale\" content=\"fr_FR\" \/>\n<meta property=\"og:type\" content=\"article\" \/>\n<meta property=\"og:title\" content=\"Retraite silencieuse &amp; Yoga Kundalini - 7 jours \/ 6 nuits au pied du Mont Canigou dans les Pyr\u00e9n\u00e9es (Du 8 au 14 juillet 2023) - Meozen - Votre portail bien-\u00eatre\" \/>\n<meta property=\"og:description\" content=\"R\u00e9servez d\u00e8s maintenant votre Retraite silencieuse &amp; Yoga Kundalini - 7 jours \/ 6 nuits au pied du Mont Canigou dans les Pyr\u00e9n\u00e9es (Du 8 au 14 juillet 2023) avec Meozen. \u00c9vadez-vous du quotidien avec ce s\u00e9jour unique. Dur\u00e9e, conditions, prix... Cliquez pour d\u00e9couvrir !\" \/>\n<meta property=\"og:url\" content=\"https:\/\/meozen.com\/fr\/produit\/retraite-silencieuse-yoga-kundalini-7-jours-6-nuits-mont-canigou-pyrenees-juillet-2023\/\" \/>\n<meta property=\"og:site_name\" content=\"Meozen - Votre portail bien-\u00eatre\" \/>\n<meta property=\"article:publisher\" content=\"https:\/\/www.facebook.com\/MeozenFr\/\" \/>\n<meta property=\"article:modified_time\" content=\"2023-06-17T00:43:28+00:00\" \/>\n<meta property=\"og:image\" content=\"https:\/\/meozen.com\/fr\/wp-content\/uploads\/sites\/2\/2023\/06\/retraite-yoga-silence-mont-caginou-1.jpg\" \/>\n\t<meta property=\"og:image:width\" content=\"445\" \/>\n\t<meta property=\"og:image:height\" content=\"250\" \/>\n\t<meta property=\"og:image:type\" content=\"image\/jpeg\" \/>\n<meta name=\"twitter:card\" content=\"summary_large_image\" \/>\n<meta name=\"twitter:label1\" content=\"Dur\u00e9e de lecture estim\u00e9e\" \/>\n\t<meta name=\"twitter:data1\" content=\"1 minute\" \/>\n<script type=\"application\/ld+json\" class=\"yoast-schema-graph\">{\"@context\":\"https:\/\/schema.org\",\"@graph\":[{\"@type\":\"WebPage\",\"@id\":\"https:\/\/meozen.com\/fr\/produit\/retraite-silencieuse-yoga-kundalini-7-jours-6-nuits-mont-canigou-pyrenees-juillet-2023\/\",\"url\":\"https:\/\/meozen.com\/fr\/produit\/retraite-silencieuse-yoga-kundalini-7-jours-6-nuits-mont-canigou-pyrenees-juillet-2023\/\",\"name\":\"Retraite silencieuse & Yoga Kundalini - 7 jours \/ 6 nuits au pied du Mont Canigou dans les Pyr\u00e9n\u00e9es (Du 8 au 14 juillet 2023) - Meozen - Votre portail bien-\u00eatre\",\"isPartOf\":{\"@id\":\"https:\/\/meozen.com\/fr\/#website\"},\"primaryImageOfPage\":{\"@id\":\"https:\/\/meozen.com\/fr\/produit\/retraite-silencieuse-yoga-kundalini-7-jours-6-nuits-mont-canigou-pyrenees-juillet-2023\/#primaryimage\"},\"image\":{\"@id\":\"https:\/\/meozen.com\/fr\/produit\/retraite-silencieuse-yoga-kundalini-7-jours-6-nuits-mont-canigou-pyrenees-juillet-2023\/#primaryimage\"},\"thumbnailUrl\":\"https:\/\/meozen.com\/fr\/wp-content\/uploads\/sites\/2\/2023\/06\/retraite-yoga-silence-mont-caginou-1.jpg\",\"datePublished\":\"2023-06-01T14:19:20+00:00\",\"dateModified\":\"2023-06-17T00:43:28+00:00\",\"description\":\"R\u00e9servez d\u00e8s maintenant votre Retraite silencieuse & Yoga Kundalini - 7 jours \/ 6 nuits au pied du Mont Canigou dans les Pyr\u00e9n\u00e9es (Du 8 au 14 juillet 2023) avec Meozen. \u00c9vadez-vous du quotidien avec ce s\u00e9jour unique. Dur\u00e9e, conditions, prix... Cliquez pour d\u00e9couvrir !\",\"breadcrumb\":{\"@id\":\"https:\/\/meozen.com\/fr\/produit\/retraite-silencieuse-yoga-kundalini-7-jours-6-nuits-mont-canigou-pyrenees-juillet-2023\/#breadcrumb\"},\"inLanguage\":\"fr-FR\",\"potentialAction\":[{\"@type\":\"ReadAction\",\"target\":[\"https:\/\/meozen.com\/fr\/produit\/retraite-silencieuse-yoga-kundalini-7-jours-6-nuits-mont-canigou-pyrenees-juillet-2023\/\"]}]},{\"@type\":\"ImageObject\",\"inLanguage\":\"fr-FR\",\"@id\":\"https:\/\/meozen.com\/fr\/produit\/retraite-silencieuse-yoga-kundalini-7-jours-6-nuits-mont-canigou-pyrenees-juillet-2023\/#primaryimage\",\"url\":\"https:\/\/meozen.com\/fr\/wp-content\/uploads\/sites\/2\/2023\/06\/retraite-yoga-silence-mont-caginou-1.jpg\",\"contentUrl\":\"https:\/\/meozen.com\/fr\/wp-content\/uploads\/sites\/2\/2023\/06\/retraite-yoga-silence-mont-caginou-1.jpg\",\"width\":445,\"height\":250},{\"@type\":\"BreadcrumbList\",\"@id\":\"https:\/\/meozen.com\/fr\/produit\/retraite-silencieuse-yoga-kundalini-7-jours-6-nuits-mont-canigou-pyrenees-juillet-2023\/#breadcrumb\",\"itemListElement\":[{\"@type\":\"ListItem\",\"position\":1,\"name\":\"Accueil\",\"item\":\"https:\/\/meozen.com\/fr\/\"},{\"@type\":\"ListItem\",\"position\":2,\"name\":\"Boutique\",\"item\":\"https:\/\/meozen.com\/fr\/boutique\/\"},{\"@type\":\"ListItem\",\"position\":3,\"name\":\"Retraite silencieuse &#038; Yoga Kundalini &#8211; 7 jours \/ 6 nuits au pied du Mont Canigou dans les Pyr\u00e9n\u00e9es (Du 8 au 14 juillet 2023)\"}]},{\"@type\":\"WebSite\",\"@id\":\"https:\/\/meozen.com\/fr\/#website\",\"url\":\"https:\/\/meozen.com\/fr\/\",\"name\":\"Meozen - Votre portail bien-\u00eatre\",\"description\":\"D\u00e9couvrez tout l&#039;univers du bien-\u00eatre, yoga, m\u00e9ditation, trouvez les meilleures retraites et formations bien-\u00eatre\",\"publisher\":{\"@id\":\"https:\/\/meozen.com\/fr\/#organization\"},\"potentialAction\":[{\"@type\":\"SearchAction\",\"target\":{\"@type\":\"EntryPoint\",\"urlTemplate\":\"https:\/\/meozen.com\/fr\/?s={search_term_string}\"},\"query-input\":{\"@type\":\"PropertyValueSpecification\",\"valueRequired\":true,\"valueName\":\"search_term_string\"}}],\"inLanguage\":\"fr-FR\"},{\"@type\":\"Organization\",\"@id\":\"https:\/\/meozen.com\/fr\/#organization\",\"name\":\"Meozen\",\"url\":\"https:\/\/meozen.com\/fr\/\",\"logo\":{\"@type\":\"ImageObject\",\"inLanguage\":\"fr-FR\",\"@id\":\"https:\/\/meozen.com\/fr\/#\/schema\/logo\/image\/\",\"url\":\"https:\/\/meozen.com\/fr\/wp-content\/uploads\/sites\/2\/2021\/06\/logo-meozen-push.jpg\",\"contentUrl\":\"https:\/\/meozen.com\/fr\/wp-content\/uploads\/sites\/2\/2021\/06\/logo-meozen-push.jpg\",\"width\":384,\"height\":384,\"caption\":\"Meozen\"},\"image\":{\"@id\":\"https:\/\/meozen.com\/fr\/#\/schema\/logo\/image\/\"},\"sameAs\":[\"https:\/\/www.facebook.com\/MeozenFr\/\",\"https:\/\/www.pinterest.fr\/meozen_officiel\/\",\"https:\/\/www.instagram.com\/meozen_officiel\/\"]}]}<\/script>\n<!-- \/ Yoast SEO plugin. -->","yoast_head_json":{"title":"Retraite silencieuse & Yoga Kundalini - 7 jours \/ 6 nuits au pied du Mont Canigou dans les Pyr\u00e9n\u00e9es (Du 8 au 14 juillet 2023) - Meozen - Votre portail bien-\u00eatre","description":"R\u00e9servez d\u00e8s maintenant votre Retraite silencieuse & Yoga Kundalini - 7 jours \/ 6 nuits au pied du Mont Canigou dans les Pyr\u00e9n\u00e9es (Du 8 au 14 juillet 2023) avec Meozen. \u00c9vadez-vous du quotidien avec ce s\u00e9jour unique. Dur\u00e9e, conditions, prix... Cliquez pour d\u00e9couvrir !","robots":{"index":"index","follow":"follow","max-snippet":"max-snippet:-1","max-image-preview":"max-image-preview:large","max-video-preview":"max-video-preview:-1"},"canonical":"https:\/\/meozen.com\/fr\/produit\/retraite-silencieuse-yoga-kundalini-7-jours-6-nuits-mont-canigou-pyrenees-juillet-2023\/","og_locale":"fr_FR","og_type":"article","og_title":"Retraite silencieuse & Yoga Kundalini - 7 jours \/ 6 nuits au pied du Mont Canigou dans les Pyr\u00e9n\u00e9es (Du 8 au 14 juillet 2023) - Meozen - Votre portail bien-\u00eatre","og_description":"R\u00e9servez d\u00e8s maintenant votre Retraite silencieuse & Yoga Kundalini - 7 jours \/ 6 nuits au pied du Mont Canigou dans les Pyr\u00e9n\u00e9es (Du 8 au 14 juillet 2023) avec Meozen. \u00c9vadez-vous du quotidien avec ce s\u00e9jour unique. Dur\u00e9e, conditions, prix... Cliquez pour d\u00e9couvrir !","og_url":"https:\/\/meozen.com\/fr\/produit\/retraite-silencieuse-yoga-kundalini-7-jours-6-nuits-mont-canigou-pyrenees-juillet-2023\/","og_site_name":"Meozen - Votre portail bien-\u00eatre","article_publisher":"https:\/\/www.facebook.com\/MeozenFr\/","article_modified_time":"2023-06-17T00:43:28+00:00","og_image":[{"width":445,"height":250,"url":"https:\/\/meozen.com\/fr\/wp-content\/uploads\/sites\/2\/2023\/06\/retraite-yoga-silence-mont-caginou-1.jpg","type":"image\/jpeg"}],"twitter_card":"summary_large_image","twitter_misc":{"Dur\u00e9e de lecture estim\u00e9e":"1 minute"},"schema":{"@context":"https:\/\/schema.org","@graph":[{"@type":"WebPage","@id":"https:\/\/meozen.com\/fr\/produit\/retraite-silencieuse-yoga-kundalini-7-jours-6-nuits-mont-canigou-pyrenees-juillet-2023\/","url":"https:\/\/meozen.com\/fr\/produit\/retraite-silencieuse-yoga-kundalini-7-jours-6-nuits-mont-canigou-pyrenees-juillet-2023\/","name":"Retraite silencieuse & Yoga Kundalini - 7 jours \/ 6 nuits au pied du Mont Canigou dans les Pyr\u00e9n\u00e9es (Du 8 au 14 juillet 2023) - Meozen - Votre portail bien-\u00eatre","isPartOf":{"@id":"https:\/\/meozen.com\/fr\/#website"},"primaryImageOfPage":{"@id":"https:\/\/meozen.com\/fr\/produit\/retraite-silencieuse-yoga-kundalini-7-jours-6-nuits-mont-canigou-pyrenees-juillet-2023\/#primaryimage"},"image":{"@id":"https:\/\/meozen.com\/fr\/produit\/retraite-silencieuse-yoga-kundalini-7-jours-6-nuits-mont-canigou-pyrenees-juillet-2023\/#primaryimage"},"thumbnailUrl":"https:\/\/meozen.com\/fr\/wp-content\/uploads\/sites\/2\/2023\/06\/retraite-yoga-silence-mont-caginou-1.jpg","datePublished":"2023-06-01T14:19:20+00:00","dateModified":"2023-06-17T00:43:28+00:00","description":"R\u00e9servez d\u00e8s maintenant votre Retraite silencieuse & Yoga Kundalini - 7 jours \/ 6 nuits au pied du Mont Canigou dans les Pyr\u00e9n\u00e9es (Du 8 au 14 juillet 2023) avec Meozen. \u00c9vadez-vous du quotidien avec ce s\u00e9jour unique. Dur\u00e9e, conditions, prix... Cliquez pour d\u00e9couvrir !","breadcrumb":{"@id":"https:\/\/meozen.com\/fr\/produit\/retraite-silencieuse-yoga-kundalini-7-jours-6-nuits-mont-canigou-pyrenees-juillet-2023\/#breadcrumb"},"inLanguage":"fr-FR","potentialAction":[{"@type":"ReadAction","target":["https:\/\/meozen.com\/fr\/produit\/retraite-silencieuse-yoga-kundalini-7-jours-6-nuits-mont-canigou-pyrenees-juillet-2023\/"]}]},{"@type":"ImageObject","inLanguage":"fr-FR","@id":"https:\/\/meozen.com\/fr\/produit\/retraite-silencieuse-yoga-kundalini-7-jours-6-nuits-mont-canigou-pyrenees-juillet-2023\/#primaryimage","url":"https:\/\/meozen.com\/fr\/wp-content\/uploads\/sites\/2\/2023\/06\/retraite-yoga-silence-mont-caginou-1.jpg","contentUrl":"https:\/\/meozen.com\/fr\/wp-content\/uploads\/sites\/2\/2023\/06\/retraite-yoga-silence-mont-caginou-1.jpg","width":445,"height":250},{"@type":"BreadcrumbList","@id":"https:\/\/meozen.com\/fr\/produit\/retraite-silencieuse-yoga-kundalini-7-jours-6-nuits-mont-canigou-pyrenees-juillet-2023\/#breadcrumb","itemListElement":[{"@type":"ListItem","position":1,"name":"Accueil","item":"https:\/\/meozen.com\/fr\/"},{"@type":"ListItem","position":2,"name":"Boutique","item":"https:\/\/meozen.com\/fr\/boutique\/"},{"@type":"ListItem","position":3,"name":"Retraite silencieuse &#038; Yoga Kundalini &#8211; 7 jours \/ 6 nuits au pied du Mont Canigou dans les Pyr\u00e9n\u00e9es (Du 8 au 14 juillet 2023)"}]},{"@type":"WebSite","@id":"https:\/\/meozen.com\/fr\/#website","url":"https:\/\/meozen.com\/fr\/","name":"Meozen - Votre portail bien-\u00eatre","description":"D\u00e9couvrez tout l&#039;univers du bien-\u00eatre, yoga, m\u00e9ditation, trouvez les meilleures retraites et formations bien-\u00eatre","publisher":{"@id":"https:\/\/meozen.com\/fr\/#organization"},"potentialAction":[{"@type":"SearchAction","target":{"@type":"EntryPoint","urlTemplate":"https:\/\/meozen.com\/fr\/?s={search_term_string}"},"query-input":{"@type":"PropertyValueSpecification","valueRequired":true,"valueName":"search_term_string"}}],"inLanguage":"fr-FR"},{"@type":"Organization","@id":"https:\/\/meozen.com\/fr\/#organization","name":"Meozen","url":"https:\/\/meozen.com\/fr\/","logo":{"@type":"ImageObject","inLanguage":"fr-FR","@id":"https:\/\/meozen.com\/fr\/#\/schema\/logo\/image\/","url":"https:\/\/meozen.com\/fr\/wp-content\/uploads\/sites\/2\/2021\/06\/logo-meozen-push.jpg","contentUrl":"https:\/\/meozen.com\/fr\/wp-content\/uploads\/sites\/2\/2021\/06\/logo-meozen-push.jpg","width":384,"height":384,"caption":"Meozen"},"image":{"@id":"https:\/\/meozen.com\/fr\/#\/schema\/logo\/image\/"},"sameAs":["https:\/\/www.facebook.com\/MeozenFr\/","https:\/\/www.pinterest.fr\/meozen_officiel\/","https:\/\/www.instagram.com\/meozen_officiel\/"]}]}},"_links":{"self":[{"href":"https:\/\/meozen.com\/fr\/wp-json\/wp\/v2\/product\/5665","targetHints":{"allow":["GET"]}}],"collection":[{"href":"https:\/\/meozen.com\/fr\/wp-json\/wp\/v2\/product"}],"about":[{"href":"https:\/\/meozen.com\/fr\/wp-json\/wp\/v2\/types\/product"}],"replies":[{"embeddable":true,"href":"https:\/\/meozen.com\/fr\/wp-json\/wp\/v2\/comments?post=5665"}],"wp:featuredmedia":[{"embeddable":true,"href":"https:\/\/meozen.com\/fr\/wp-json\/wp\/v2\/media\/5666"}],"wp:attachment":[{"href":"https:\/\/meozen.com\/fr\/wp-json\/wp\/v2\/media?parent=5665"}],"wp:term":[{"taxonomy":"product_brand","embeddable":true,"href":"https:\/\/meozen.com\/fr\/wp-json\/wp\/v2\/product_brand?post=5665"},{"taxonomy":"product_cat","embeddable":true,"href":"https:\/\/meozen.com\/fr\/wp-json\/wp\/v2\/product_cat?post=5665"},{"taxonomy":"product_tag","embeddable":true,"href":"https:\/\/meozen.com\/fr\/wp-json\/wp\/v2\/product_tag?post=5665"}],"curies":[{"name":"wp","href":"https:\/\/api.w.org\/{rel}","templated":true}]}}