{"id":5705,"date":"2023-06-06T13:48:05","date_gmt":"2023-06-06T11:48:05","guid":{"rendered":"https:\/\/meozen.com\/fr\/?post_type=product&#038;p=5705"},"modified":"2023-06-17T02:42:00","modified_gmt":"2023-06-17T00:42:00","slug":"retraite-yoga-marche-naturopathie-7-jours-6-nuits-ardeche-aout-2023","status":"publish","type":"product","link":"https:\/\/meozen.com\/fr\/produit\/retraite-yoga-marche-naturopathie-7-jours-6-nuits-ardeche-aout-2023\/","title":{"rendered":"Retraite Yoga, Marche &#038; Naturopathie &#8211; 7 jours \/ 6 nuits en Ard\u00e8che (Ao\u00fbt 2023)"},"content":{"rendered":"<ul>\n<li><span style=\"font-weight: 400;\">Programme adapt\u00e9 au niveau interm\u00e9diaire<\/span><\/li>\n<\/ul>\n<p>\u00a0<\/p>\n<p><b>\ud83d\uddd3\ufe0f Programme d\u00e9taill\u00e9 :<\/b><\/p>\n<p><strong>\u2705\u00a0 Le dimanche 06 ao\u00fbt :<\/strong><\/p>\n<ul>\n<li><span style=\"font-weight: 400;\">Arriv\u00e9e et installation \u00e0 16:00<\/span><\/li>\n<li>\n<div>17:00\u00a0 Th\u00e9 de bienvenue, pr\u00e9sentation de la semaine<\/div>\n<\/li>\n<li>\n<div>18:00-19:00 S\u00e9ance d\u2019introduction<\/div>\n<\/li>\n<li>\n<div>19:30 D\u00eener<\/div>\n<\/li>\n<\/ul>\n<p><span style=\"font-weight: 400;\"><strong>\u2705 Du lundi 07 au vendredi 11 ao\u00fbt :<\/strong><\/span><\/p>\n<ul>\n<li style=\"font-weight: 400;\">07:30-08:00 M\u00e9ditation guid\u00e9e<\/li>\n<li style=\"font-weight: 400;\">08:15-09:15 Petit d\u00e9jeuner suivi d\u2019un temps de lecture\n<div>pause<\/div>\n<\/li>\n<li style=\"font-weight: 400;\">\n<div>10:00-10:30 Temps de partage en silence, aide \u00e0 la pr\u00e9paration du repas<\/div>\n<\/li>\n<li style=\"font-weight: 400;\">\n<div>10:45-12:45 S\u00e9ance de yoga<\/div>\n<\/li>\n<li style=\"font-weight: 400;\">\n<div>13:00-14:00 D\u00e9jeuner<\/div>\n<\/li>\n<li style=\"font-weight: 400;\">14:30-16:30 : Marche pour certains ou consultation de naturopathie pour d\u2019autres (une consultation d\u2019une heure par personne) ; la conf\u00e9rence de naturopathie aura lieu le lundi.<\/li>\n<li>Pause th\u00e9<\/li>\n<li style=\"font-weight: 400;\">\n<div>18:00-19:00: S\u00e9ance de yoga<\/div>\n<\/li>\n<li style=\"font-weight: 400;\">\n<div>19:30 D\u00eener<\/div>\n<\/li>\n<li style=\"font-weight: 400;\">\n<div>20:30-21:00 Chants d\u2019\u00e9veil-mantra accompagn\u00e9s \u00e0 la guitare<\/div>\n<\/li>\n<\/ul>\n<p><span style=\"font-weight: 400;\"><strong>\u2705\u00a0 Exception le jour 4\u00a0 :\u00a0<\/strong><\/span><\/p>\n<ul>\n<li>Apr\u00e8s-midi & d\u00eener consacr\u00e9s \u00e0 une excursion au Puy-En-Velay<\/li>\n<\/ul>\n<p><strong>\u2705\u00a0 Le samedi 12 ao\u00fbt :<\/strong><\/p>\n<ul>\n<li>\n<div>07:30-08:00 M\u00e9ditation guid\u00e9e<\/div>\n<\/li>\n<li>\n<div>08:15-09:15 Petit d\u00e9jeuner suivi d\u2019un temps de lecture<\/div>\n<div>pause<\/div>\n<\/li>\n<li>\n<div>10:00 S\u00e9ance de fin de session<\/div>\n<\/li>\n<li>\n<div>11:00 : D\u00e9part<\/div>\n<\/li>\n<\/ul>\n","protected":false},"excerpt":{"rendered":"<p><strong style=\"font-size: 22px;\">Une retraite de Yoga, Marche &amp; Naturopathie <strong>\ud83d\udccd<\/strong>en Ard\u00e8che.<\/strong><\/p>\n<p>\u2728 Avec cette retraite, Marie-Ange et Giorgio, des enseignants avec plus de 30 ans d&rsquo;exp\u00e9rience, vous accueillent et vous proposent une d\u00e9connexion en Ard\u00e8che dans le centre de Yoga Jeauty.<\/p>\n<p class=\"p1\">\ud83d\ude4f Au programme ? Pratique du Hatha Yoga, relaxation, apr\u00e8s-midi marche, m\u00e9ditations et 1 consultation personnalis\u00e9e de naturopathie.<\/p>\n<p class=\"p1\">\u2618\ufe0f Profitez d&rsquo;un espace de pratique propice \u00e0 la s\u00e9r\u00e9nit\u00e9 et au calme. Cette parenth\u00e8se vous permettra de vous reconnecter avec-vous m\u00eame.<\/p>\n<p>&nbsp;<\/p>\n<p><strong>\ud83d\udcc5\u00a0 Date :<\/strong> Du 6 ao\u00fbt au 12 ao\u00fbt 2023<\/p>\n<p>&nbsp;<\/p>\n<p><strong>\ud83d\udfe1 Tarif du s\u00e9jour : <\/strong><\/p>\n<ul>\n<li>890 euros en chambre partag\u00e9e<\/li>\n<li>+90 euros en chambre priv\u00e9e<\/li>\n<\/ul>\n<p>\ud83d\udca1<em> Pour r\u00e9server, un acompte correspondant \u00e0 15% du prix total est requis. Celui-ci est non-remboursable si vous annulez votre r\u00e9servation. Le reste du paiement d\u00fb (85%) se fera directement aupr\u00e8s de l&rsquo;organisateur \u00e0 votre arriv\u00e9e.<\/em><\/p>\n<p>&nbsp;<\/p>\n<p><strong>\u274c Le tarif ne comprend pas :<\/strong><\/p>\n<ul>\n<li>Le moyen de transport pour se rendre sur le lieu du s\u00e9jour<\/li>\n<li>Le repas du jour 4 lors de l&rsquo;excursion<\/li>\n<\/ul>\n<p>&nbsp;<\/p>\n<p class=\"p1\"><strong>Comment r\u00e9server mon s\u00e9jour sur Meozen ?<\/strong><\/p>\n<p>1\ufe0f\u20e3 Je fais ma demande de r\u00e9servation sur le formulaire en cliquant sur le bouton \u00ab R\u00e9server d\u00e8s maintenant \u00bb<\/p>\n<p>2\ufe0f\u20e3 Meozen prend contact avec l\u2019organisateur du s\u00e9jour et v\u00e9rifie le nombre de places disponibles<\/p>\n<p>3\ufe0f\u20e3 Meozen revient vers vous pour vous donner une r\u00e9ponse. Si celle-ci est favorable, un lien de paiement correspondant \u00e0 un acompte de 15% vous sera envoy\u00e9 pour r\u00e9server votre place.<\/p>\n<p>4\ufe0f\u20e3 Une fois le paiement de 15% r\u00e9alis\u00e9 aupr\u00e8s de Meozen, vous serez redirig\u00e9 vers l\u2019organisateur du s\u00e9jour et nous vous communiquerons l\u2019ensemble de ses coordonn\u00e9es. L\u2019organisateur sera ensuite votre interlocuteur principal pour finaliser l\u2019organisation de votre voyage et poser vos questions.<\/p>\n<p>5\ufe0f\u20e3 Vous r\u00e9glez la somme restante due (85%) directement aupr\u00e8s de l&rsquo;organisateur selon ses modalit\u00e9s (avant votre arriv\u00e9e ou \u00e0 votre arriv\u00e9e).<\/p>\n","protected":false},"featured_media":5494,"comment_status":"open","ping_status":"closed","template":"","meta":{"_mo_disable_npp":""},"product_brand":[],"product_cat":[27,120,103,43],"product_tag":[],"class_list":{"0":"post-5705","1":"product","2":"type-product","3":"status-publish","4":"has-post-thumbnail","6":"product_cat-retraite-7-jours","7":"product_cat-retraite-yoga","8":"product_cat-retraite-yoga-ardeche","9":"product_cat-retraite-yoga-france","11":"first","12":"instock","13":"taxable","14":"shipping-taxable","15":"product-type-external"},"yoast_head":"<!-- This site is optimized with the Yoast SEO plugin v26.8 - https:\/\/yoast.com\/product\/yoast-seo-wordpress\/ -->\n<title>Retraite Yoga, M\u00e9ditation, Voyage Sonore &amp; Randonn\u00e9e - 4 jours \/ 3 nuits dans le Tarne (Mars 2023)<\/title>\n<meta name=\"description\" content=\"R\u00e9servez d\u00e8s maintenant votre Retraite Yoga, Marche &amp; Naturopathie - 7 jours \/ 6 nuits en Ard\u00e8che (Ao\u00fbt 2023) avec Meozen. \u00c9vadez-vous du quotidien avec ce s\u00e9jour unique. Dur\u00e9e, conditions, prix... Cliquez pour d\u00e9couvrir !\" \/>\n<meta name=\"robots\" content=\"index, follow, max-snippet:-1, max-image-preview:large, max-video-preview:-1\" \/>\n<link rel=\"canonical\" href=\"https:\/\/meozen.com\/fr\/produit\/retraite-yoga-marche-naturopathie-7-jours-6-nuits-ardeche-aout-2023\/\" \/>\n<meta property=\"og:locale\" content=\"fr_FR\" \/>\n<meta property=\"og:type\" content=\"article\" \/>\n<meta property=\"og:title\" content=\"Retraite Yoga, M\u00e9ditation, Voyage Sonore &amp; Randonn\u00e9e - 4 jours \/ 3 nuits dans le Tarne (Mars 2023)\" \/>\n<meta property=\"og:description\" content=\"R\u00e9servez d\u00e8s maintenant votre Retraite Yoga, Marche &amp; Naturopathie - 7 jours \/ 6 nuits en Ard\u00e8che (Ao\u00fbt 2023) avec Meozen. \u00c9vadez-vous du quotidien avec ce s\u00e9jour unique. Dur\u00e9e, conditions, prix... Cliquez pour d\u00e9couvrir !\" \/>\n<meta property=\"og:url\" content=\"https:\/\/meozen.com\/fr\/produit\/retraite-yoga-marche-naturopathie-7-jours-6-nuits-ardeche-aout-2023\/\" \/>\n<meta property=\"og:site_name\" content=\"Meozen - Votre portail bien-\u00eatre\" \/>\n<meta property=\"article:publisher\" content=\"https:\/\/www.facebook.com\/MeozenFr\/\" \/>\n<meta property=\"article:modified_time\" content=\"2023-06-17T00:42:00+00:00\" \/>\n<meta property=\"og:image\" content=\"https:\/\/meozen.com\/fr\/wp-content\/uploads\/sites\/2\/2023\/05\/retraite-yoga-randonne-ardeche-1.jpg\" \/>\n\t<meta property=\"og:image:width\" content=\"1280\" \/>\n\t<meta property=\"og:image:height\" content=\"960\" \/>\n\t<meta property=\"og:image:type\" content=\"image\/jpeg\" \/>\n<meta name=\"twitter:card\" content=\"summary_large_image\" \/>\n<meta name=\"twitter:label1\" content=\"Dur\u00e9e de lecture estim\u00e9e\" \/>\n\t<meta name=\"twitter:data1\" content=\"1 minute\" \/>\n<script type=\"application\/ld+json\" class=\"yoast-schema-graph\">{\"@context\":\"https:\/\/schema.org\",\"@graph\":[{\"@type\":\"WebPage\",\"@id\":\"https:\/\/meozen.com\/fr\/produit\/retraite-yoga-marche-naturopathie-7-jours-6-nuits-ardeche-aout-2023\/\",\"url\":\"https:\/\/meozen.com\/fr\/produit\/retraite-yoga-marche-naturopathie-7-jours-6-nuits-ardeche-aout-2023\/\",\"name\":\"Retraite Yoga, M\u00e9ditation, Voyage Sonore & Randonn\u00e9e - 4 jours \/ 3 nuits dans le Tarne (Mars 2023)\",\"isPartOf\":{\"@id\":\"https:\/\/meozen.com\/fr\/#website\"},\"primaryImageOfPage\":{\"@id\":\"https:\/\/meozen.com\/fr\/produit\/retraite-yoga-marche-naturopathie-7-jours-6-nuits-ardeche-aout-2023\/#primaryimage\"},\"image\":{\"@id\":\"https:\/\/meozen.com\/fr\/produit\/retraite-yoga-marche-naturopathie-7-jours-6-nuits-ardeche-aout-2023\/#primaryimage\"},\"thumbnailUrl\":\"https:\/\/meozen.com\/fr\/wp-content\/uploads\/sites\/2\/2023\/05\/retraite-yoga-randonne-ardeche-1.jpg\",\"datePublished\":\"2023-06-06T11:48:05+00:00\",\"dateModified\":\"2023-06-17T00:42:00+00:00\",\"description\":\"R\u00e9servez d\u00e8s maintenant votre Retraite Yoga, Marche & Naturopathie - 7 jours \/ 6 nuits en Ard\u00e8che (Ao\u00fbt 2023) avec Meozen. \u00c9vadez-vous du quotidien avec ce s\u00e9jour unique. Dur\u00e9e, conditions, prix... Cliquez pour d\u00e9couvrir !\",\"breadcrumb\":{\"@id\":\"https:\/\/meozen.com\/fr\/produit\/retraite-yoga-marche-naturopathie-7-jours-6-nuits-ardeche-aout-2023\/#breadcrumb\"},\"inLanguage\":\"fr-FR\",\"potentialAction\":[{\"@type\":\"ReadAction\",\"target\":[\"https:\/\/meozen.com\/fr\/produit\/retraite-yoga-marche-naturopathie-7-jours-6-nuits-ardeche-aout-2023\/\"]}]},{\"@type\":\"ImageObject\",\"inLanguage\":\"fr-FR\",\"@id\":\"https:\/\/meozen.com\/fr\/produit\/retraite-yoga-marche-naturopathie-7-jours-6-nuits-ardeche-aout-2023\/#primaryimage\",\"url\":\"https:\/\/meozen.com\/fr\/wp-content\/uploads\/sites\/2\/2023\/05\/retraite-yoga-randonne-ardeche-1.jpg\",\"contentUrl\":\"https:\/\/meozen.com\/fr\/wp-content\/uploads\/sites\/2\/2023\/05\/retraite-yoga-randonne-ardeche-1.jpg\",\"width\":1280,\"height\":960},{\"@type\":\"BreadcrumbList\",\"@id\":\"https:\/\/meozen.com\/fr\/produit\/retraite-yoga-marche-naturopathie-7-jours-6-nuits-ardeche-aout-2023\/#breadcrumb\",\"itemListElement\":[{\"@type\":\"ListItem\",\"position\":1,\"name\":\"Accueil\",\"item\":\"https:\/\/meozen.com\/fr\/\"},{\"@type\":\"ListItem\",\"position\":2,\"name\":\"Boutique\",\"item\":\"https:\/\/meozen.com\/fr\/boutique\/\"},{\"@type\":\"ListItem\",\"position\":3,\"name\":\"Retraite Yoga, Marche &#038; Naturopathie &#8211; 7 jours \/ 6 nuits en Ard\u00e8che (Ao\u00fbt 2023)\"}]},{\"@type\":\"WebSite\",\"@id\":\"https:\/\/meozen.com\/fr\/#website\",\"url\":\"https:\/\/meozen.com\/fr\/\",\"name\":\"Meozen - Votre portail bien-\u00eatre\",\"description\":\"D\u00e9couvrez tout l&#039;univers du bien-\u00eatre, yoga, m\u00e9ditation, trouvez les meilleures retraites et formations bien-\u00eatre\",\"publisher\":{\"@id\":\"https:\/\/meozen.com\/fr\/#organization\"},\"potentialAction\":[{\"@type\":\"SearchAction\",\"target\":{\"@type\":\"EntryPoint\",\"urlTemplate\":\"https:\/\/meozen.com\/fr\/?s={search_term_string}\"},\"query-input\":{\"@type\":\"PropertyValueSpecification\",\"valueRequired\":true,\"valueName\":\"search_term_string\"}}],\"inLanguage\":\"fr-FR\"},{\"@type\":\"Organization\",\"@id\":\"https:\/\/meozen.com\/fr\/#organization\",\"name\":\"Meozen\",\"url\":\"https:\/\/meozen.com\/fr\/\",\"logo\":{\"@type\":\"ImageObject\",\"inLanguage\":\"fr-FR\",\"@id\":\"https:\/\/meozen.com\/fr\/#\/schema\/logo\/image\/\",\"url\":\"https:\/\/meozen.com\/fr\/wp-content\/uploads\/sites\/2\/2021\/06\/logo-meozen-push.jpg\",\"contentUrl\":\"https:\/\/meozen.com\/fr\/wp-content\/uploads\/sites\/2\/2021\/06\/logo-meozen-push.jpg\",\"width\":384,\"height\":384,\"caption\":\"Meozen\"},\"image\":{\"@id\":\"https:\/\/meozen.com\/fr\/#\/schema\/logo\/image\/\"},\"sameAs\":[\"https:\/\/www.facebook.com\/MeozenFr\/\",\"https:\/\/www.pinterest.fr\/meozen_officiel\/\",\"https:\/\/www.instagram.com\/meozen_officiel\/\"]}]}<\/script>\n<!-- \/ Yoast SEO plugin. -->","yoast_head_json":{"title":"Retraite Yoga, M\u00e9ditation, Voyage Sonore & Randonn\u00e9e - 4 jours \/ 3 nuits dans le Tarne (Mars 2023)","description":"R\u00e9servez d\u00e8s maintenant votre Retraite Yoga, Marche & Naturopathie - 7 jours \/ 6 nuits en Ard\u00e8che (Ao\u00fbt 2023) avec Meozen. \u00c9vadez-vous du quotidien avec ce s\u00e9jour unique. Dur\u00e9e, conditions, prix... Cliquez pour d\u00e9couvrir !","robots":{"index":"index","follow":"follow","max-snippet":"max-snippet:-1","max-image-preview":"max-image-preview:large","max-video-preview":"max-video-preview:-1"},"canonical":"https:\/\/meozen.com\/fr\/produit\/retraite-yoga-marche-naturopathie-7-jours-6-nuits-ardeche-aout-2023\/","og_locale":"fr_FR","og_type":"article","og_title":"Retraite Yoga, M\u00e9ditation, Voyage Sonore & Randonn\u00e9e - 4 jours \/ 3 nuits dans le Tarne (Mars 2023)","og_description":"R\u00e9servez d\u00e8s maintenant votre Retraite Yoga, Marche & Naturopathie - 7 jours \/ 6 nuits en Ard\u00e8che (Ao\u00fbt 2023) avec Meozen. \u00c9vadez-vous du quotidien avec ce s\u00e9jour unique. Dur\u00e9e, conditions, prix... Cliquez pour d\u00e9couvrir !","og_url":"https:\/\/meozen.com\/fr\/produit\/retraite-yoga-marche-naturopathie-7-jours-6-nuits-ardeche-aout-2023\/","og_site_name":"Meozen - Votre portail bien-\u00eatre","article_publisher":"https:\/\/www.facebook.com\/MeozenFr\/","article_modified_time":"2023-06-17T00:42:00+00:00","og_image":[{"width":1280,"height":960,"url":"https:\/\/meozen.com\/fr\/wp-content\/uploads\/sites\/2\/2023\/05\/retraite-yoga-randonne-ardeche-1.jpg","type":"image\/jpeg"}],"twitter_card":"summary_large_image","twitter_misc":{"Dur\u00e9e de lecture estim\u00e9e":"1 minute"},"schema":{"@context":"https:\/\/schema.org","@graph":[{"@type":"WebPage","@id":"https:\/\/meozen.com\/fr\/produit\/retraite-yoga-marche-naturopathie-7-jours-6-nuits-ardeche-aout-2023\/","url":"https:\/\/meozen.com\/fr\/produit\/retraite-yoga-marche-naturopathie-7-jours-6-nuits-ardeche-aout-2023\/","name":"Retraite Yoga, M\u00e9ditation, Voyage Sonore & Randonn\u00e9e - 4 jours \/ 3 nuits dans le Tarne (Mars 2023)","isPartOf":{"@id":"https:\/\/meozen.com\/fr\/#website"},"primaryImageOfPage":{"@id":"https:\/\/meozen.com\/fr\/produit\/retraite-yoga-marche-naturopathie-7-jours-6-nuits-ardeche-aout-2023\/#primaryimage"},"image":{"@id":"https:\/\/meozen.com\/fr\/produit\/retraite-yoga-marche-naturopathie-7-jours-6-nuits-ardeche-aout-2023\/#primaryimage"},"thumbnailUrl":"https:\/\/meozen.com\/fr\/wp-content\/uploads\/sites\/2\/2023\/05\/retraite-yoga-randonne-ardeche-1.jpg","datePublished":"2023-06-06T11:48:05+00:00","dateModified":"2023-06-17T00:42:00+00:00","description":"R\u00e9servez d\u00e8s maintenant votre Retraite Yoga, Marche & Naturopathie - 7 jours \/ 6 nuits en Ard\u00e8che (Ao\u00fbt 2023) avec Meozen. \u00c9vadez-vous du quotidien avec ce s\u00e9jour unique. Dur\u00e9e, conditions, prix... Cliquez pour d\u00e9couvrir !","breadcrumb":{"@id":"https:\/\/meozen.com\/fr\/produit\/retraite-yoga-marche-naturopathie-7-jours-6-nuits-ardeche-aout-2023\/#breadcrumb"},"inLanguage":"fr-FR","potentialAction":[{"@type":"ReadAction","target":["https:\/\/meozen.com\/fr\/produit\/retraite-yoga-marche-naturopathie-7-jours-6-nuits-ardeche-aout-2023\/"]}]},{"@type":"ImageObject","inLanguage":"fr-FR","@id":"https:\/\/meozen.com\/fr\/produit\/retraite-yoga-marche-naturopathie-7-jours-6-nuits-ardeche-aout-2023\/#primaryimage","url":"https:\/\/meozen.com\/fr\/wp-content\/uploads\/sites\/2\/2023\/05\/retraite-yoga-randonne-ardeche-1.jpg","contentUrl":"https:\/\/meozen.com\/fr\/wp-content\/uploads\/sites\/2\/2023\/05\/retraite-yoga-randonne-ardeche-1.jpg","width":1280,"height":960},{"@type":"BreadcrumbList","@id":"https:\/\/meozen.com\/fr\/produit\/retraite-yoga-marche-naturopathie-7-jours-6-nuits-ardeche-aout-2023\/#breadcrumb","itemListElement":[{"@type":"ListItem","position":1,"name":"Accueil","item":"https:\/\/meozen.com\/fr\/"},{"@type":"ListItem","position":2,"name":"Boutique","item":"https:\/\/meozen.com\/fr\/boutique\/"},{"@type":"ListItem","position":3,"name":"Retraite Yoga, Marche &#038; Naturopathie &#8211; 7 jours \/ 6 nuits en Ard\u00e8che (Ao\u00fbt 2023)"}]},{"@type":"WebSite","@id":"https:\/\/meozen.com\/fr\/#website","url":"https:\/\/meozen.com\/fr\/","name":"Meozen - Votre portail bien-\u00eatre","description":"D\u00e9couvrez tout l&#039;univers du bien-\u00eatre, yoga, m\u00e9ditation, trouvez les meilleures retraites et formations bien-\u00eatre","publisher":{"@id":"https:\/\/meozen.com\/fr\/#organization"},"potentialAction":[{"@type":"SearchAction","target":{"@type":"EntryPoint","urlTemplate":"https:\/\/meozen.com\/fr\/?s={search_term_string}"},"query-input":{"@type":"PropertyValueSpecification","valueRequired":true,"valueName":"search_term_string"}}],"inLanguage":"fr-FR"},{"@type":"Organization","@id":"https:\/\/meozen.com\/fr\/#organization","name":"Meozen","url":"https:\/\/meozen.com\/fr\/","logo":{"@type":"ImageObject","inLanguage":"fr-FR","@id":"https:\/\/meozen.com\/fr\/#\/schema\/logo\/image\/","url":"https:\/\/meozen.com\/fr\/wp-content\/uploads\/sites\/2\/2021\/06\/logo-meozen-push.jpg","contentUrl":"https:\/\/meozen.com\/fr\/wp-content\/uploads\/sites\/2\/2021\/06\/logo-meozen-push.jpg","width":384,"height":384,"caption":"Meozen"},"image":{"@id":"https:\/\/meozen.com\/fr\/#\/schema\/logo\/image\/"},"sameAs":["https:\/\/www.facebook.com\/MeozenFr\/","https:\/\/www.pinterest.fr\/meozen_officiel\/","https:\/\/www.instagram.com\/meozen_officiel\/"]}]}},"_links":{"self":[{"href":"https:\/\/meozen.com\/fr\/wp-json\/wp\/v2\/product\/5705","targetHints":{"allow":["GET"]}}],"collection":[{"href":"https:\/\/meozen.com\/fr\/wp-json\/wp\/v2\/product"}],"about":[{"href":"https:\/\/meozen.com\/fr\/wp-json\/wp\/v2\/types\/product"}],"replies":[{"embeddable":true,"href":"https:\/\/meozen.com\/fr\/wp-json\/wp\/v2\/comments?post=5705"}],"wp:featuredmedia":[{"embeddable":true,"href":"https:\/\/meozen.com\/fr\/wp-json\/wp\/v2\/media\/5494"}],"wp:attachment":[{"href":"https:\/\/meozen.com\/fr\/wp-json\/wp\/v2\/media?parent=5705"}],"wp:term":[{"taxonomy":"product_brand","embeddable":true,"href":"https:\/\/meozen.com\/fr\/wp-json\/wp\/v2\/product_brand?post=5705"},{"taxonomy":"product_cat","embeddable":true,"href":"https:\/\/meozen.com\/fr\/wp-json\/wp\/v2\/product_cat?post=5705"},{"taxonomy":"product_tag","embeddable":true,"href":"https:\/\/meozen.com\/fr\/wp-json\/wp\/v2\/product_tag?post=5705"}],"curies":[{"name":"wp","href":"https:\/\/api.w.org\/{rel}","templated":true}]}}