{"id":6244,"date":"2023-07-04T10:36:44","date_gmt":"2023-07-04T08:36:44","guid":{"rendered":"https:\/\/meozen.com\/fr\/?post_type=product&#038;p=6244"},"modified":"2023-07-10T15:06:10","modified_gmt":"2023-07-10T13:06:10","slug":"retraite-yoga-meditation-8-jours-7-nuits-gueret-creuse","status":"publish","type":"product","link":"https:\/\/meozen.com\/fr\/produit\/retraite-yoga-meditation-8-jours-7-nuits-gueret-creuse\/","title":{"rendered":"Retraite Yoga &#038; M\u00e9ditation &#8211; 8 jours \/ 7 nuits \u00e0 Gu\u00e9ret dans la Creuse (Juillet 2023)"},"content":{"rendered":"<ul>\n<li style=\"font-weight: 400;\"><span style=\"font-weight: 400;\">Programme adapt\u00e9 \u00e0 tous les niveaux<\/span><\/li>\n<li style=\"font-weight: 400;\"><span style=\"font-weight: 400;\">Inclus brunchs et d\u00eeners faits maison (r<\/span><span style=\"font-weight: 400;\">epas v\u00e9g\u00e9tariens avec des produits bio et locaux)<\/span><\/li>\n<\/ul>\n<p class=\"subtitle\"><strong>\u2705 Au programme<\/strong><\/p>\n<ul>\n<li>Hatha flow yoga<\/li>\n<li>Yoga nidra<\/li>\n<li>Yin yoga<\/li>\n<li>Pranayama<\/li>\n<li>M\u00e9ditation<\/li>\n<\/ul>\n<p class=\"subtitle\"><strong>\u2705 Journ\u00e9e type\u00a0<\/strong><\/p>\n<ul>\n<li>08:30-10:30 yoga matinal,\u00a0pranayama et m\u00e9ditation<\/li>\n<li>11:00- 12:00 brunch<\/li>\n<li>12:00-16:00 temps libre\/ massage<\/li>\n<li>16:00-17:00 atelier d\u00e9couverte du\u00a0yoga (th\u00e9orie)<\/li>\n<li>17:00-18:00 temps libre<\/li>\n<li>18:00-19:30 yoga doux, yin yoga et yoga nidra<\/li>\n<li>20:00 d\u00eener<\/li>\n<\/ul>\n","protected":false},"excerpt":{"rendered":"<p><strong style=\"font-size: 22px;\">Une Retraite Yoga &amp; M\u00e9ditation\ud83d\udccd\u00e0 Gu\u00e9ret dans la Creuse.<\/strong><\/p>\n<p>\u2728 Venez vous ressourcer au coeur de la nature pour une semaine d\u00e9di\u00e9e \u00e0 soi et son bien-\u00eatre !<\/p>\n<p>Au programme un s\u00e9jour avec des ateliers de d\u00e9couverte du yoga avec diff\u00e9rents styles (Hatha flow, Nidra, Yin, Pranayama) et des s\u00e9ances de m\u00e9ditation.<\/p>\n<p class=\"p1\">\ud83c\udfe0 Vous serez h\u00e9berg\u00e9 dans un g\u00eete moderne et confortable, un lieu d\u00e9di\u00e9 au repos \u00e0 la crois\u00e9e des chemins entre Nord et Sud, dans la Creuse. Profitez aussi de l&rsquo;acc\u00e8s \u00e0 une piscine chauff\u00e9e !<\/p>\n<p class=\"p1\">\ud83c\udfde Profitez de ce s\u00e9jour, pour vous reconnecter \u00e0 vous-m\u00eame et \u00e0 la nature, avec aux alentours les for\u00eats, lacs, \u00e9tangs ou encore les vall\u00e9es o\u00f9 coulent des rivi\u00e8res.<\/p>\n<p><strong><b>\ud83d\uddd3\ufe0f\u00a0<\/b>Date du s\u00e9jour : <\/strong>Du samedi 29 juillet au samedi 05 ao\u00fbt 2023<\/p>\n<p><strong>\ud83d\udfe1 Tarif du s\u00e9jour \u00e0 partir de <\/strong>855 euros<\/p>\n","protected":false},"featured_media":6305,"comment_status":"open","ping_status":"closed","template":"","meta":{"_mo_disable_npp":""},"product_brand":[],"product_cat":[48,120,102,43],"product_tag":[],"class_list":{"0":"post-6244","1":"product","2":"type-product","3":"status-publish","4":"has-post-thumbnail","6":"product_cat-retraite-8-jours-yoga","7":"product_cat-retraite-yoga","8":"product_cat-retraite-nouvelle-aquitaine","9":"product_cat-retraite-yoga-france","11":"first","12":"instock","13":"taxable","14":"shipping-taxable","15":"product-type-external"},"yoast_head":"<!-- This site is optimized with the Yoast SEO plugin v26.8 - https:\/\/yoast.com\/product\/yoast-seo-wordpress\/ -->\n<title>Retraite Yoga &amp; M\u00e9ditation - 8 jours \/ 7 nuits \u00e0 Gu\u00e9ret dans la Creuse (Juillet 2023) - Meozen - Votre portail bien-\u00eatre<\/title>\n<meta name=\"description\" content=\"R\u00e9servez d\u00e8s maintenant votre Retraite Yoga &amp; M\u00e9ditation - 8 jours \/ 7 nuits \u00e0 Gu\u00e9ret dans la Creuse (Juillet 2023) avec Meozen. \u00c9vadez-vous du quotidien avec ce s\u00e9jour unique. Dur\u00e9e, conditions, prix... Cliquez pour d\u00e9couvrir !\" \/>\n<meta name=\"robots\" content=\"index, follow, max-snippet:-1, max-image-preview:large, max-video-preview:-1\" \/>\n<link rel=\"canonical\" href=\"https:\/\/meozen.com\/fr\/produit\/retraite-yoga-meditation-8-jours-7-nuits-gueret-creuse\/\" \/>\n<meta property=\"og:locale\" content=\"fr_FR\" \/>\n<meta property=\"og:type\" content=\"article\" \/>\n<meta property=\"og:title\" content=\"Retraite Yoga &amp; M\u00e9ditation - 8 jours \/ 7 nuits \u00e0 Gu\u00e9ret dans la Creuse (Juillet 2023) - Meozen - Votre portail bien-\u00eatre\" \/>\n<meta property=\"og:description\" content=\"R\u00e9servez d\u00e8s maintenant votre Retraite Yoga &amp; M\u00e9ditation - 8 jours \/ 7 nuits \u00e0 Gu\u00e9ret dans la Creuse (Juillet 2023) avec Meozen. \u00c9vadez-vous du quotidien avec ce s\u00e9jour unique. Dur\u00e9e, conditions, prix... Cliquez pour d\u00e9couvrir !\" \/>\n<meta property=\"og:url\" content=\"https:\/\/meozen.com\/fr\/produit\/retraite-yoga-meditation-8-jours-7-nuits-gueret-creuse\/\" \/>\n<meta property=\"og:site_name\" content=\"Meozen - Votre portail bien-\u00eatre\" \/>\n<meta property=\"article:publisher\" content=\"https:\/\/www.facebook.com\/MeozenFr\/\" \/>\n<meta property=\"article:modified_time\" content=\"2023-07-10T13:06:10+00:00\" \/>\n<meta property=\"og:image\" content=\"https:\/\/meozen.com\/fr\/wp-content\/uploads\/sites\/2\/2023\/07\/retraite-yoga-meditation-creuse-1.jpeg\" \/>\n\t<meta property=\"og:image:width\" content=\"653\" \/>\n\t<meta property=\"og:image:height\" content=\"490\" \/>\n\t<meta property=\"og:image:type\" content=\"image\/jpeg\" \/>\n<meta name=\"twitter:card\" content=\"summary_large_image\" \/>\n<meta name=\"twitter:label1\" content=\"Dur\u00e9e de lecture estim\u00e9e\" \/>\n\t<meta name=\"twitter:data1\" content=\"1 minute\" \/>\n<script type=\"application\/ld+json\" class=\"yoast-schema-graph\">{\"@context\":\"https:\/\/schema.org\",\"@graph\":[{\"@type\":\"WebPage\",\"@id\":\"https:\/\/meozen.com\/fr\/produit\/retraite-yoga-meditation-8-jours-7-nuits-gueret-creuse\/\",\"url\":\"https:\/\/meozen.com\/fr\/produit\/retraite-yoga-meditation-8-jours-7-nuits-gueret-creuse\/\",\"name\":\"Retraite Yoga & M\u00e9ditation - 8 jours \/ 7 nuits \u00e0 Gu\u00e9ret dans la Creuse (Juillet 2023) - Meozen - Votre portail bien-\u00eatre\",\"isPartOf\":{\"@id\":\"https:\/\/meozen.com\/fr\/#website\"},\"primaryImageOfPage\":{\"@id\":\"https:\/\/meozen.com\/fr\/produit\/retraite-yoga-meditation-8-jours-7-nuits-gueret-creuse\/#primaryimage\"},\"image\":{\"@id\":\"https:\/\/meozen.com\/fr\/produit\/retraite-yoga-meditation-8-jours-7-nuits-gueret-creuse\/#primaryimage\"},\"thumbnailUrl\":\"https:\/\/meozen.com\/fr\/wp-content\/uploads\/sites\/2\/2023\/07\/retraite-yoga-meditation-creuse-1.jpeg\",\"datePublished\":\"2023-07-04T08:36:44+00:00\",\"dateModified\":\"2023-07-10T13:06:10+00:00\",\"description\":\"R\u00e9servez d\u00e8s maintenant votre Retraite Yoga & M\u00e9ditation - 8 jours \/ 7 nuits \u00e0 Gu\u00e9ret dans la Creuse (Juillet 2023) avec Meozen. \u00c9vadez-vous du quotidien avec ce s\u00e9jour unique. Dur\u00e9e, conditions, prix... Cliquez pour d\u00e9couvrir !\",\"breadcrumb\":{\"@id\":\"https:\/\/meozen.com\/fr\/produit\/retraite-yoga-meditation-8-jours-7-nuits-gueret-creuse\/#breadcrumb\"},\"inLanguage\":\"fr-FR\",\"potentialAction\":[{\"@type\":\"ReadAction\",\"target\":[\"https:\/\/meozen.com\/fr\/produit\/retraite-yoga-meditation-8-jours-7-nuits-gueret-creuse\/\"]}]},{\"@type\":\"ImageObject\",\"inLanguage\":\"fr-FR\",\"@id\":\"https:\/\/meozen.com\/fr\/produit\/retraite-yoga-meditation-8-jours-7-nuits-gueret-creuse\/#primaryimage\",\"url\":\"https:\/\/meozen.com\/fr\/wp-content\/uploads\/sites\/2\/2023\/07\/retraite-yoga-meditation-creuse-1.jpeg\",\"contentUrl\":\"https:\/\/meozen.com\/fr\/wp-content\/uploads\/sites\/2\/2023\/07\/retraite-yoga-meditation-creuse-1.jpeg\",\"width\":653,\"height\":490},{\"@type\":\"BreadcrumbList\",\"@id\":\"https:\/\/meozen.com\/fr\/produit\/retraite-yoga-meditation-8-jours-7-nuits-gueret-creuse\/#breadcrumb\",\"itemListElement\":[{\"@type\":\"ListItem\",\"position\":1,\"name\":\"Accueil\",\"item\":\"https:\/\/meozen.com\/fr\/\"},{\"@type\":\"ListItem\",\"position\":2,\"name\":\"Boutique\",\"item\":\"https:\/\/meozen.com\/fr\/boutique\/\"},{\"@type\":\"ListItem\",\"position\":3,\"name\":\"Retraite Yoga &#038; M\u00e9ditation &#8211; 8 jours \/ 7 nuits \u00e0 Gu\u00e9ret dans la Creuse (Juillet 2023)\"}]},{\"@type\":\"WebSite\",\"@id\":\"https:\/\/meozen.com\/fr\/#website\",\"url\":\"https:\/\/meozen.com\/fr\/\",\"name\":\"Meozen - Votre portail bien-\u00eatre\",\"description\":\"D\u00e9couvrez tout l&#039;univers du bien-\u00eatre, yoga, m\u00e9ditation, trouvez les meilleures retraites et formations bien-\u00eatre\",\"publisher\":{\"@id\":\"https:\/\/meozen.com\/fr\/#organization\"},\"potentialAction\":[{\"@type\":\"SearchAction\",\"target\":{\"@type\":\"EntryPoint\",\"urlTemplate\":\"https:\/\/meozen.com\/fr\/?s={search_term_string}\"},\"query-input\":{\"@type\":\"PropertyValueSpecification\",\"valueRequired\":true,\"valueName\":\"search_term_string\"}}],\"inLanguage\":\"fr-FR\"},{\"@type\":\"Organization\",\"@id\":\"https:\/\/meozen.com\/fr\/#organization\",\"name\":\"Meozen\",\"url\":\"https:\/\/meozen.com\/fr\/\",\"logo\":{\"@type\":\"ImageObject\",\"inLanguage\":\"fr-FR\",\"@id\":\"https:\/\/meozen.com\/fr\/#\/schema\/logo\/image\/\",\"url\":\"https:\/\/meozen.com\/fr\/wp-content\/uploads\/sites\/2\/2021\/06\/logo-meozen-push.jpg\",\"contentUrl\":\"https:\/\/meozen.com\/fr\/wp-content\/uploads\/sites\/2\/2021\/06\/logo-meozen-push.jpg\",\"width\":384,\"height\":384,\"caption\":\"Meozen\"},\"image\":{\"@id\":\"https:\/\/meozen.com\/fr\/#\/schema\/logo\/image\/\"},\"sameAs\":[\"https:\/\/www.facebook.com\/MeozenFr\/\",\"https:\/\/www.pinterest.fr\/meozen_officiel\/\",\"https:\/\/www.instagram.com\/meozen_officiel\/\"]}]}<\/script>\n<!-- \/ Yoast SEO plugin. -->","yoast_head_json":{"title":"Retraite Yoga & M\u00e9ditation - 8 jours \/ 7 nuits \u00e0 Gu\u00e9ret dans la Creuse (Juillet 2023) - Meozen - Votre portail bien-\u00eatre","description":"R\u00e9servez d\u00e8s maintenant votre Retraite Yoga & M\u00e9ditation - 8 jours \/ 7 nuits \u00e0 Gu\u00e9ret dans la Creuse (Juillet 2023) avec Meozen. \u00c9vadez-vous du quotidien avec ce s\u00e9jour unique. Dur\u00e9e, conditions, prix... Cliquez pour d\u00e9couvrir !","robots":{"index":"index","follow":"follow","max-snippet":"max-snippet:-1","max-image-preview":"max-image-preview:large","max-video-preview":"max-video-preview:-1"},"canonical":"https:\/\/meozen.com\/fr\/produit\/retraite-yoga-meditation-8-jours-7-nuits-gueret-creuse\/","og_locale":"fr_FR","og_type":"article","og_title":"Retraite Yoga & M\u00e9ditation - 8 jours \/ 7 nuits \u00e0 Gu\u00e9ret dans la Creuse (Juillet 2023) - Meozen - Votre portail bien-\u00eatre","og_description":"R\u00e9servez d\u00e8s maintenant votre Retraite Yoga & M\u00e9ditation - 8 jours \/ 7 nuits \u00e0 Gu\u00e9ret dans la Creuse (Juillet 2023) avec Meozen. \u00c9vadez-vous du quotidien avec ce s\u00e9jour unique. Dur\u00e9e, conditions, prix... Cliquez pour d\u00e9couvrir !","og_url":"https:\/\/meozen.com\/fr\/produit\/retraite-yoga-meditation-8-jours-7-nuits-gueret-creuse\/","og_site_name":"Meozen - Votre portail bien-\u00eatre","article_publisher":"https:\/\/www.facebook.com\/MeozenFr\/","article_modified_time":"2023-07-10T13:06:10+00:00","og_image":[{"width":653,"height":490,"url":"https:\/\/meozen.com\/fr\/wp-content\/uploads\/sites\/2\/2023\/07\/retraite-yoga-meditation-creuse-1.jpeg","type":"image\/jpeg"}],"twitter_card":"summary_large_image","twitter_misc":{"Dur\u00e9e de lecture estim\u00e9e":"1 minute"},"schema":{"@context":"https:\/\/schema.org","@graph":[{"@type":"WebPage","@id":"https:\/\/meozen.com\/fr\/produit\/retraite-yoga-meditation-8-jours-7-nuits-gueret-creuse\/","url":"https:\/\/meozen.com\/fr\/produit\/retraite-yoga-meditation-8-jours-7-nuits-gueret-creuse\/","name":"Retraite Yoga & M\u00e9ditation - 8 jours \/ 7 nuits \u00e0 Gu\u00e9ret dans la Creuse (Juillet 2023) - Meozen - Votre portail bien-\u00eatre","isPartOf":{"@id":"https:\/\/meozen.com\/fr\/#website"},"primaryImageOfPage":{"@id":"https:\/\/meozen.com\/fr\/produit\/retraite-yoga-meditation-8-jours-7-nuits-gueret-creuse\/#primaryimage"},"image":{"@id":"https:\/\/meozen.com\/fr\/produit\/retraite-yoga-meditation-8-jours-7-nuits-gueret-creuse\/#primaryimage"},"thumbnailUrl":"https:\/\/meozen.com\/fr\/wp-content\/uploads\/sites\/2\/2023\/07\/retraite-yoga-meditation-creuse-1.jpeg","datePublished":"2023-07-04T08:36:44+00:00","dateModified":"2023-07-10T13:06:10+00:00","description":"R\u00e9servez d\u00e8s maintenant votre Retraite Yoga & M\u00e9ditation - 8 jours \/ 7 nuits \u00e0 Gu\u00e9ret dans la Creuse (Juillet 2023) avec Meozen. \u00c9vadez-vous du quotidien avec ce s\u00e9jour unique. Dur\u00e9e, conditions, prix... Cliquez pour d\u00e9couvrir !","breadcrumb":{"@id":"https:\/\/meozen.com\/fr\/produit\/retraite-yoga-meditation-8-jours-7-nuits-gueret-creuse\/#breadcrumb"},"inLanguage":"fr-FR","potentialAction":[{"@type":"ReadAction","target":["https:\/\/meozen.com\/fr\/produit\/retraite-yoga-meditation-8-jours-7-nuits-gueret-creuse\/"]}]},{"@type":"ImageObject","inLanguage":"fr-FR","@id":"https:\/\/meozen.com\/fr\/produit\/retraite-yoga-meditation-8-jours-7-nuits-gueret-creuse\/#primaryimage","url":"https:\/\/meozen.com\/fr\/wp-content\/uploads\/sites\/2\/2023\/07\/retraite-yoga-meditation-creuse-1.jpeg","contentUrl":"https:\/\/meozen.com\/fr\/wp-content\/uploads\/sites\/2\/2023\/07\/retraite-yoga-meditation-creuse-1.jpeg","width":653,"height":490},{"@type":"BreadcrumbList","@id":"https:\/\/meozen.com\/fr\/produit\/retraite-yoga-meditation-8-jours-7-nuits-gueret-creuse\/#breadcrumb","itemListElement":[{"@type":"ListItem","position":1,"name":"Accueil","item":"https:\/\/meozen.com\/fr\/"},{"@type":"ListItem","position":2,"name":"Boutique","item":"https:\/\/meozen.com\/fr\/boutique\/"},{"@type":"ListItem","position":3,"name":"Retraite Yoga &#038; M\u00e9ditation &#8211; 8 jours \/ 7 nuits \u00e0 Gu\u00e9ret dans la Creuse (Juillet 2023)"}]},{"@type":"WebSite","@id":"https:\/\/meozen.com\/fr\/#website","url":"https:\/\/meozen.com\/fr\/","name":"Meozen - Votre portail bien-\u00eatre","description":"D\u00e9couvrez tout l&#039;univers du bien-\u00eatre, yoga, m\u00e9ditation, trouvez les meilleures retraites et formations bien-\u00eatre","publisher":{"@id":"https:\/\/meozen.com\/fr\/#organization"},"potentialAction":[{"@type":"SearchAction","target":{"@type":"EntryPoint","urlTemplate":"https:\/\/meozen.com\/fr\/?s={search_term_string}"},"query-input":{"@type":"PropertyValueSpecification","valueRequired":true,"valueName":"search_term_string"}}],"inLanguage":"fr-FR"},{"@type":"Organization","@id":"https:\/\/meozen.com\/fr\/#organization","name":"Meozen","url":"https:\/\/meozen.com\/fr\/","logo":{"@type":"ImageObject","inLanguage":"fr-FR","@id":"https:\/\/meozen.com\/fr\/#\/schema\/logo\/image\/","url":"https:\/\/meozen.com\/fr\/wp-content\/uploads\/sites\/2\/2021\/06\/logo-meozen-push.jpg","contentUrl":"https:\/\/meozen.com\/fr\/wp-content\/uploads\/sites\/2\/2021\/06\/logo-meozen-push.jpg","width":384,"height":384,"caption":"Meozen"},"image":{"@id":"https:\/\/meozen.com\/fr\/#\/schema\/logo\/image\/"},"sameAs":["https:\/\/www.facebook.com\/MeozenFr\/","https:\/\/www.pinterest.fr\/meozen_officiel\/","https:\/\/www.instagram.com\/meozen_officiel\/"]}]}},"_links":{"self":[{"href":"https:\/\/meozen.com\/fr\/wp-json\/wp\/v2\/product\/6244","targetHints":{"allow":["GET"]}}],"collection":[{"href":"https:\/\/meozen.com\/fr\/wp-json\/wp\/v2\/product"}],"about":[{"href":"https:\/\/meozen.com\/fr\/wp-json\/wp\/v2\/types\/product"}],"replies":[{"embeddable":true,"href":"https:\/\/meozen.com\/fr\/wp-json\/wp\/v2\/comments?post=6244"}],"wp:featuredmedia":[{"embeddable":true,"href":"https:\/\/meozen.com\/fr\/wp-json\/wp\/v2\/media\/6305"}],"wp:attachment":[{"href":"https:\/\/meozen.com\/fr\/wp-json\/wp\/v2\/media?parent=6244"}],"wp:term":[{"taxonomy":"product_brand","embeddable":true,"href":"https:\/\/meozen.com\/fr\/wp-json\/wp\/v2\/product_brand?post=6244"},{"taxonomy":"product_cat","embeddable":true,"href":"https:\/\/meozen.com\/fr\/wp-json\/wp\/v2\/product_cat?post=6244"},{"taxonomy":"product_tag","embeddable":true,"href":"https:\/\/meozen.com\/fr\/wp-json\/wp\/v2\/product_tag?post=6244"}],"curies":[{"name":"wp","href":"https:\/\/api.w.org\/{rel}","templated":true}]}}